{"id":6303,"date":"2025-05-13T16:03:37","date_gmt":"2025-05-13T14:03:37","guid":{"rendered":"https:\/\/co-matters.de\/?page_id=6303"},"modified":"2026-04-22T10:23:56","modified_gmt":"2026-04-22T08:23:56","slug":"veronika-schaller","status":"publish","type":"page","link":"https:\/\/co-matters.de\/en\/ueber-uns\/veronika-schaller\/","title":{"rendered":"Veronika Schaller"},"content":{"rendered":"<div class=\"vc-row-container container parent--about-row\"><div class=\"vc_row wpb_row vc_row-fluid about-row vc_custom_1615151160541\"><div class=\"wpb_column vc_column_container vc_col-sm-5\"><div class=\"vc_column-inner\"><div class=\"wpb_wrapper\">\n\t<div  class=\"wpb_single_image wpb_content_element vc_align_left\">\n\t\t\n\t\t<figure class=\"wpb_wrapper vc_figure\">\n\t\t\t<div class=\"vc_single_image-wrapper   vc_box_border_grey\"><img loading=\"lazy\" decoding=\"async\" class=\"vc_single_image-img\" src=\"https:\/\/co-matters.de\/wp-content\/uploads\/2025\/05\/Veronika-Schaller-scaled-440x440.jpg\" width=\"440\" height=\"440\" alt=\"Veronika Schaller\" title=\"Veronika Schaller\" \/><\/div>\n\t\t<\/figure>\n\t<\/div>\n<\/div><\/div><\/div><div class=\"team-text-col wpb_column vc_column_container vc_col-sm-7\"><div class=\"vc_column-inner\"><div class=\"wpb_wrapper\">\n\t<div class=\"wpb_text_column wpb_content_element  post-formatting\" >\n\t\t<div class=\"wpb_wrapper\">\n\t\t\t<h1>Veronika Schaller<\/h1>\n<h5>Psychologin, Coach &amp; Consultant<\/h5>\n<p style=\"margin-top: -10px; font-weight: 400; font-size: 16px; color: #a7a7a7; letter-spacing: 1.6px; line-height: 46px;\">Selbstf\u00fchrung | Mentale Gesundheit<\/p>\n\n\t\t<\/div>\n\t<\/div>\n\n\t<div class=\"wpb_text_column wpb_content_element  post-formatting\" >\n\t\t<div class=\"wpb_wrapper\">\n\t\t\t<p>Mit Feingef\u00fchl und Klarheit begleitet Veronika Fach- und F\u00fchrungskr\u00e4fte dabei, in anspruchsvollen Arbeitsumfeldern gesund leistungsf\u00e4hig zu bleiben. Ihr Fokus: die Balance zwischen beruflicher Wirksamkeit und gesunder Selbstf\u00fchrung &#8211; ein wesentlicher Erfolgsfaktor im dynamischen Arbeitsalltag. Als Psychologin, systemische Coach und Yogalehrerin verbindet sie wissenschaftliche Impulse mit Selbstwahrnehmung und den Transfer in die Praxis. So schafft sie sichere Entwicklungsr\u00e4ume, in denen mentale St\u00e4rke, Resilienz und selbstwirksames Handeln gest\u00e4rkt werden.<\/p>\n\n\t\t<\/div>\n\t<\/div>\n<\/div><\/div><\/div><\/div><\/div><div class=\"vc-row-container container\"><div class=\"vc_row wpb_row vc_row-fluid\"><div class=\"wpb_column vc_column_container vc_col-sm-12\"><div class=\"vc_column-inner\"><div class=\"wpb_wrapper\"><div class=\"vc_separator wpb_content_element vc_separator_align_center vc_sep_width_100 vc_sep_border_width_2 vc_sep_pos_align_center vc_separator_no_text vc_sep_color_grey\" ><span class=\"vc_sep_holder vc_sep_holder_l\"><span  class=\"vc_sep_line\"><\/span><\/span><span class=\"vc_sep_holder vc_sep_holder_r\"><span  class=\"vc_sep_line\"><\/span><\/span>\n<\/div><\/div><\/div><\/div><\/div><\/div><div class=\"vc-row-container container parent--more-member-row\"><div class=\"vc_row wpb_row vc_row-fluid more-member-row vc_custom_1615150779316\"><div class=\"wpb_column vc_column_container vc_col-sm-12\"><div class=\"vc_column-inner\"><div class=\"wpb_wrapper\">\n\t<div class=\"wpb_text_column wpb_content_element  post-formatting\" >\n\t\t<div class=\"wpb_wrapper\">\n\t\t\t<h3 class=\"more-members\">Other team members<\/h3>\n\n\t\t<\/div>\n\t<\/div>\n<div id=\"team-members-306447\" class=\"\">\n\t<div class=\"team-holder\">\n\t\t<div class=\"row\">\n\t\t\t    <div class=\"col-md-3 col-sm-6\">\n\n        <div class=\"member kachel-team layout-titles-inside wow fadeInLab\"\n             data-wow-duration=\"1s\">\n            <div class=\"thumb\">\n\t\t\t\t                    <div class=\"hover-state padding\" data-href=\"https:\/\/co-matters.de\/team\/bettina-schnabel\/\" data-target=\"\">\n\t\t\t\t\t\t\n\t\t\t\t\t\t\t\t\t\t\t\t\t    <div class=\"member-details\">\n        <h2>\n\t\t\t                <a href=\"https:\/\/co-matters.de\/en\/team\/bettina-schnabel\/\" target=\"\" title=\"Bettina\">Bettina<\/a>\n\t\t\t        <\/h2>\n\t\t            <p class=\"job-title\">Schnabel<\/p>\n\t\t    <\/div>\n\t\t\t\t\t\t                    <\/div>\n\t\t\t\t\n\t\t\t\t                    <a href=\"https:\/\/co-matters.de\/en\/team\/bettina-schnabel\/\" target=\"\" title=\"Bettina\">\n\t\t\t\t\t\t<span class=\"image-placeholder\" style=\"padding-bottom:100.00000000%\"><img width=\"430\" height=\"430\" class=\"attachment-460x460 size-460x460 img-5911 lazyload\" alt=\"\" data-src=\"https:\/\/co-matters.de\/wp-content\/uploads\/2021\/05\/Co-Matters-Team-Bettina-Schnabel@2x@2x.png\" data-srcset=\"https:\/\/co-matters.de\/wp-content\/uploads\/2021\/05\/Co-Matters-Team-Bettina-Schnabel@2x@2x.png 430w, https:\/\/co-matters.de\/wp-content\/uploads\/2021\/05\/Co-Matters-Team-Bettina-Schnabel@2x@2x-300x300.png 300w, https:\/\/co-matters.de\/wp-content\/uploads\/2021\/05\/Co-Matters-Team-Bettina-Schnabel@2x@2x-150x150.png 150w, https:\/\/co-matters.de\/wp-content\/uploads\/2021\/05\/Co-Matters-Team-Bettina-Schnabel@2x@2x-120x120.png 120w, https:\/\/co-matters.de\/wp-content\/uploads\/2021\/05\/Co-Matters-Team-Bettina-Schnabel@2x@2x-220x220.png 220w\" data-sizes=\"(max-width: 430px) 100vw, 430px\" \/><\/span>                    <\/a>\n\t\t\t\t            <\/div>\n\n\t\t\t        <\/div>\n\n    <\/div>\n    <div class=\"col-md-3 col-sm-6\">\n\n        <div class=\"member kachel-team layout-titles-inside wow fadeInLab\"\n             data-wow-duration=\"1s\">\n            <div class=\"thumb\">\n\t\t\t\t                    <div class=\"hover-state padding\" data-href=\"https:\/\/co-matters.de\/team\/nicola\/\" data-target=\"\">\n\t\t\t\t\t\t\n\t\t\t\t\t\t\t\t\t\t\t\t\t    <div class=\"member-details\">\n        <h2>\n\t\t\t                <a href=\"https:\/\/co-matters.de\/en\/team\/nicola\/\" target=\"\" title=\"Nicola\">Nicola<\/a>\n\t\t\t        <\/h2>\n\t\t            <p class=\"job-title\">gunschmann<\/p>\n\t\t    <\/div>\n\t\t\t\t\t\t                    <\/div>\n\t\t\t\t\n\t\t\t\t                    <a href=\"https:\/\/co-matters.de\/en\/team\/nicola\/\" target=\"\" title=\"Nicola\">\n\t\t\t\t\t\t<span class=\"image-placeholder\" style=\"padding-bottom:100.00000000%\"><img width=\"460\" height=\"460\" class=\"attachment-460x460 size-460x460 img-4442 lazyload\" alt=\"\" data-src=\"https:\/\/co-matters.de\/wp-content\/uploads\/2020\/09\/BettinaSchnabel-0148_HighRes-scaled-460x460.jpg\" data-srcset=\"https:\/\/co-matters.de\/wp-content\/uploads\/2020\/09\/BettinaSchnabel-0148_HighRes-scaled-460x460.jpg 460w, https:\/\/co-matters.de\/wp-content\/uploads\/2020\/09\/BettinaSchnabel-0148_HighRes-scaled-e1601052323242-300x300.jpg 300w, https:\/\/co-matters.de\/wp-content\/uploads\/2020\/09\/BettinaSchnabel-0148_HighRes-scaled-e1601052323242-220x220.jpg 220w, https:\/\/co-matters.de\/wp-content\/uploads\/2020\/09\/BettinaSchnabel-0148_HighRes-scaled-e1601052323242-600x600.jpg 600w, https:\/\/co-matters.de\/wp-content\/uploads\/2020\/09\/BettinaSchnabel-0148_HighRes-scaled-e1601052323242-1024x1024.jpg 1024w, https:\/\/co-matters.de\/wp-content\/uploads\/2020\/09\/BettinaSchnabel-0148_HighRes-scaled-e1601052323242-150x150.jpg 150w, https:\/\/co-matters.de\/wp-content\/uploads\/2020\/09\/BettinaSchnabel-0148_HighRes-scaled-e1601052323242-768x768.jpg 768w, https:\/\/co-matters.de\/wp-content\/uploads\/2020\/09\/BettinaSchnabel-0148_HighRes-scaled-e1601052323242-1536x1536.jpg 1536w, https:\/\/co-matters.de\/wp-content\/uploads\/2020\/09\/BettinaSchnabel-0148_HighRes-scaled-e1601052323242-468x468.jpg 468w, https:\/\/co-matters.de\/wp-content\/uploads\/2020\/09\/BettinaSchnabel-0148_HighRes-scaled-e1601052323242-1612x1612.jpg 1612w, https:\/\/co-matters.de\/wp-content\/uploads\/2020\/09\/BettinaSchnabel-0148_HighRes-scaled-e1601052323242-1116x1116.jpg 1116w, https:\/\/co-matters.de\/wp-content\/uploads\/2020\/09\/BettinaSchnabel-0148_HighRes-scaled-e1601052323242-806x806.jpg 806w, https:\/\/co-matters.de\/wp-content\/uploads\/2020\/09\/BettinaSchnabel-0148_HighRes-scaled-e1601052323242-558x558.jpg 558w, https:\/\/co-matters.de\/wp-content\/uploads\/2020\/09\/BettinaSchnabel-0148_HighRes-scaled-e1601052323242-655x655.jpg 655w, https:\/\/co-matters.de\/wp-content\/uploads\/2020\/09\/BettinaSchnabel-0148_HighRes-scaled-e1601052323242.jpg 1651w\" data-sizes=\"(max-width: 460px) 100vw, 460px\" \/><\/span>                    <\/a>\n\t\t\t\t            <\/div>\n\n\t\t\t        <\/div>\n\n    <\/div>\n    <div class=\"col-md-3 col-sm-6\">\n\n        <div class=\"member kachel-team layout-titles-inside wow fadeInLab\"\n             data-wow-duration=\"1s\">\n            <div class=\"thumb\">\n\t\t\t\t                    <div class=\"hover-state padding\" data-href=\"https:\/\/co-matters.de\/team\/mirjam-f\/\" data-target=\"\">\n\t\t\t\t\t\t\n\t\t\t\t\t\t\t\t\t\t\t\t\t    <div class=\"member-details\">\n        <h2>\n\t\t\t                <a href=\"https:\/\/co-matters.de\/en\/team\/mirjam-f\/\" target=\"\" title=\"Mirjam\">Mirjam<\/a>\n\t\t\t        <\/h2>\n\t\t            <p class=\"job-title\">Freiburg<\/p>\n\t\t    <\/div>\n\t\t\t\t\t\t                    <\/div>\n\t\t\t\t\n\t\t\t\t                    <a href=\"https:\/\/co-matters.de\/en\/team\/mirjam-f\/\" target=\"\" title=\"Mirjam\">\n\t\t\t\t\t\t<span class=\"image-placeholder\" style=\"padding-bottom:100.00000000%\"><img width=\"460\" height=\"460\" class=\"attachment-460x460 size-460x460 img-6299 lazyload\" alt=\"\" data-src=\"https:\/\/co-matters.de\/wp-content\/uploads\/2025\/05\/Mirjam-Freiburg-460x460.jpg\" data-srcset=\"https:\/\/co-matters.de\/wp-content\/uploads\/2025\/05\/Mirjam-Freiburg-460x460.jpg 460w, https:\/\/co-matters.de\/wp-content\/uploads\/2025\/05\/Mirjam-Freiburg-300x300.jpg 300w, https:\/\/co-matters.de\/wp-content\/uploads\/2025\/05\/Mirjam-Freiburg-1024x1024.jpg 1024w, https:\/\/co-matters.de\/wp-content\/uploads\/2025\/05\/Mirjam-Freiburg-150x150.jpg 150w, https:\/\/co-matters.de\/wp-content\/uploads\/2025\/05\/Mirjam-Freiburg-768x768.jpg 768w, https:\/\/co-matters.de\/wp-content\/uploads\/2025\/05\/Mirjam-Freiburg-120x120.jpg 120w, https:\/\/co-matters.de\/wp-content\/uploads\/2025\/05\/Mirjam-Freiburg-12x12.jpg 12w, https:\/\/co-matters.de\/wp-content\/uploads\/2025\/05\/Mirjam-Freiburg-468x468.jpg 468w, https:\/\/co-matters.de\/wp-content\/uploads\/2025\/05\/Mirjam-Freiburg-806x806.jpg 806w, https:\/\/co-matters.de\/wp-content\/uploads\/2025\/05\/Mirjam-Freiburg-558x558.jpg 558w, https:\/\/co-matters.de\/wp-content\/uploads\/2025\/05\/Mirjam-Freiburg-655x655.jpg 655w, https:\/\/co-matters.de\/wp-content\/uploads\/2025\/05\/Mirjam-Freiburg-24x24.jpg 24w, https:\/\/co-matters.de\/wp-content\/uploads\/2025\/05\/Mirjam-Freiburg-36x36.jpg 36w, https:\/\/co-matters.de\/wp-content\/uploads\/2025\/05\/Mirjam-Freiburg-48x48.jpg 48w, https:\/\/co-matters.de\/wp-content\/uploads\/2025\/05\/Mirjam-Freiburg.jpg 1055w\" data-sizes=\"(max-width: 460px) 100vw, 460px\" \/><\/span>                    <\/a>\n\t\t\t\t            <\/div>\n\n\t\t\t        <\/div>\n\n    <\/div>\n    <div class=\"col-md-3 col-sm-6\">\n\n        <div class=\"member kachel-team layout-titles-inside wow fadeInLab\"\n             data-wow-duration=\"1s\">\n            <div class=\"thumb\">\n\t\t\t\t                    <div class=\"hover-state padding\" data-href=\"https:\/\/co-matters.de\/team\/martin-vetter\" data-target=\"\">\n\t\t\t\t\t\t\n\t\t\t\t\t\t\t\t\t\t\t\t\t    <div class=\"member-details\">\n        <h2>\n\t\t\t                <a href=\"https:\/\/co-matters.de\/en\/team\/martin-vetter\/\" target=\"\" title=\"Martin\">Monika<\/a>\n\t\t\t        <\/h2>\n\t\t            <p class=\"job-title\">Schlosser<\/p>\n\t\t    <\/div>\n\t\t\t\t\t\t                    <\/div>\n\t\t\t\t\n\t\t\t\t                    <a href=\"https:\/\/co-matters.de\/en\/team\/martin-vetter\/\" target=\"\" title=\"Martin\">\n\t\t\t\t\t\t<span class=\"image-placeholder\" style=\"padding-bottom:100.00000000%\"><img width=\"226\" height=\"226\" class=\"attachment-460x460 size-460x460 img-6424 lazyload\" alt=\"\" data-src=\"https:\/\/co-matters.de\/wp-content\/uploads\/2026\/04\/MONI-BILD-.jpeg\" data-srcset=\"https:\/\/co-matters.de\/wp-content\/uploads\/2026\/04\/MONI-BILD-.jpeg 226w, https:\/\/co-matters.de\/wp-content\/uploads\/2026\/04\/MONI-BILD--150x150.jpeg 150w, https:\/\/co-matters.de\/wp-content\/uploads\/2026\/04\/MONI-BILD--120x120.jpeg 120w, https:\/\/co-matters.de\/wp-content\/uploads\/2026\/04\/MONI-BILD--12x12.jpeg 12w, https:\/\/co-matters.de\/wp-content\/uploads\/2026\/04\/MONI-BILD--24x24.jpeg 24w, https:\/\/co-matters.de\/wp-content\/uploads\/2026\/04\/MONI-BILD--36x36.jpeg 36w, https:\/\/co-matters.de\/wp-content\/uploads\/2026\/04\/MONI-BILD--48x48.jpeg 48w, https:\/\/co-matters.de\/wp-content\/uploads\/2026\/04\/MONI-BILD--220x220.jpeg 220w\" data-sizes=\"(max-width: 226px) 100vw, 226px\" \/><\/span>                    <\/a>\n\t\t\t\t            <\/div>\n\n\t\t\t        <\/div>\n\n    <\/div>\n    <div class=\"col-md-3 col-sm-6\">\n\n        <div class=\"member kachel-team layout-titles-inside wow fadeInLab\"\n             data-wow-duration=\"1s\">\n            <div class=\"thumb\">\n\t\t\t\t                    <div class=\"hover-state padding\" data-href=\"https:\/\/co-matters.de\/team\/martin-vetter\" data-target=\"\">\n\t\t\t\t\t\t\n\t\t\t\t\t\t\t\t\t\t\t\t\t    <div class=\"member-details\">\n        <h2>\n\t\t\t                <a href=\"https:\/\/co-matters.de\/en\/team\/martin-vetter\/\" target=\"\" title=\"Martin\">Martin<\/a>\n\t\t\t        <\/h2>\n\t\t            <p class=\"job-title\">Vetter<\/p>\n\t\t    <\/div>\n\t\t\t\t\t\t                    <\/div>\n\t\t\t\t\n\t\t\t\t                    <a href=\"https:\/\/co-matters.de\/en\/team\/martin-vetter\/\" target=\"\" title=\"Martin\">\n\t\t\t\t\t\t<span class=\"image-placeholder\" style=\"padding-bottom:100.00000000%\"><img width=\"460\" height=\"460\" class=\"attachment-460x460 size-460x460 img-6413 lazyload\" alt=\"\" data-src=\"https:\/\/co-matters.de\/wp-content\/uploads\/2026\/04\/Martin-460x460.jpg\" data-srcset=\"https:\/\/co-matters.de\/wp-content\/uploads\/2026\/04\/Martin-460x460.jpg 460w, https:\/\/co-matters.de\/wp-content\/uploads\/2026\/04\/Martin-150x150.jpg 150w, https:\/\/co-matters.de\/wp-content\/uploads\/2026\/04\/Martin-120x120.jpg 120w, https:\/\/co-matters.de\/wp-content\/uploads\/2026\/04\/Martin-468x468.jpg 468w, https:\/\/co-matters.de\/wp-content\/uploads\/2026\/04\/Martin-300x300.jpg 300w, https:\/\/co-matters.de\/wp-content\/uploads\/2026\/04\/Martin-220x220.jpg 220w, https:\/\/co-matters.de\/wp-content\/uploads\/2026\/04\/Martin-266x266.jpg 266w\" data-sizes=\"(max-width: 460px) 100vw, 460px\" \/><\/span>                    <\/a>\n\t\t\t\t            <\/div>\n\n\t\t\t        <\/div>\n\n    <\/div>\n    <div class=\"col-md-3 col-sm-6\">\n\n        <div class=\"member kachel-team layout-titles-inside wow fadeInLab\"\n             data-wow-duration=\"1s\">\n            <div class=\"thumb\">\n\t\t\t\t                    <div class=\"hover-state padding\" data-href=\"https:\/\/co-matters.de\/team\/oda-von-dreising\" data-target=\"\">\n\t\t\t\t\t\t\n\t\t\t\t\t\t\t\t\t\t\t\t\t    <div class=\"member-details\">\n        <h2>\n\t\t\t                <a href=\"https:\/\/co-matters.de\/en\/team\/oda-von-dreising\/\" target=\"\" title=\"Oda\">Oda<\/a>\n\t\t\t        <\/h2>\n\t\t            <p class=\"job-title\">von Dreising<\/p>\n\t\t    <\/div>\n\t\t\t\t\t\t                    <\/div>\n\t\t\t\t\n\t\t\t\t                    <a href=\"https:\/\/co-matters.de\/en\/team\/oda-von-dreising\/\" target=\"\" title=\"Oda\">\n\t\t\t\t\t\t<span class=\"image-placeholder\" style=\"padding-bottom:100.00000000%\"><img width=\"460\" height=\"460\" class=\"attachment-460x460 size-460x460 img-6415 lazyload\" alt=\"\" data-src=\"https:\/\/co-matters.de\/wp-content\/uploads\/2026\/04\/Portrait-Oda-v.-Dreising.jpg-scaled-460x460.jpeg\" data-srcset=\"https:\/\/co-matters.de\/wp-content\/uploads\/2026\/04\/Portrait-Oda-v.-Dreising.jpg-scaled-460x460.jpeg 460w, https:\/\/co-matters.de\/wp-content\/uploads\/2026\/04\/Portrait-Oda-v.-Dreising.jpg-300x300.jpeg 300w, https:\/\/co-matters.de\/wp-content\/uploads\/2026\/04\/Portrait-Oda-v.-Dreising.jpg-1024x1024.jpeg 1024w, https:\/\/co-matters.de\/wp-content\/uploads\/2026\/04\/Portrait-Oda-v.-Dreising.jpg-150x150.jpeg 150w, https:\/\/co-matters.de\/wp-content\/uploads\/2026\/04\/Portrait-Oda-v.-Dreising.jpg-768x768.jpeg 768w, https:\/\/co-matters.de\/wp-content\/uploads\/2026\/04\/Portrait-Oda-v.-Dreising.jpg-120x120.jpeg 120w, https:\/\/co-matters.de\/wp-content\/uploads\/2026\/04\/Portrait-Oda-v.-Dreising.jpg-1536x1536.jpeg 1536w, https:\/\/co-matters.de\/wp-content\/uploads\/2026\/04\/Portrait-Oda-v.-Dreising.jpg-2048x2048.jpeg 2048w, https:\/\/co-matters.de\/wp-content\/uploads\/2026\/04\/Portrait-Oda-v.-Dreising.jpg-12x12.jpeg 12w, https:\/\/co-matters.de\/wp-content\/uploads\/2026\/04\/Portrait-Oda-v.-Dreising.jpg-468x468.jpeg 468w, https:\/\/co-matters.de\/wp-content\/uploads\/2026\/04\/Portrait-Oda-v.-Dreising.jpg-1612x1612.jpeg 1612w, https:\/\/co-matters.de\/wp-content\/uploads\/2026\/04\/Portrait-Oda-v.-Dreising.jpg-1116x1116.jpeg 1116w, https:\/\/co-matters.de\/wp-content\/uploads\/2026\/04\/Portrait-Oda-v.-Dreising.jpg-806x806.jpeg 806w, https:\/\/co-matters.de\/wp-content\/uploads\/2026\/04\/Portrait-Oda-v.-Dreising.jpg-558x558.jpeg 558w, https:\/\/co-matters.de\/wp-content\/uploads\/2026\/04\/Portrait-Oda-v.-Dreising.jpg-655x655.jpeg 655w, https:\/\/co-matters.de\/wp-content\/uploads\/2026\/04\/Portrait-Oda-v.-Dreising.jpg-24x24.jpeg 24w, https:\/\/co-matters.de\/wp-content\/uploads\/2026\/04\/Portrait-Oda-v.-Dreising.jpg-36x36.jpeg 36w, https:\/\/co-matters.de\/wp-content\/uploads\/2026\/04\/Portrait-Oda-v.-Dreising.jpg-48x48.jpeg 48w, https:\/\/co-matters.de\/wp-content\/uploads\/2026\/04\/Portrait-Oda-v.-Dreising.jpg-600x600.jpeg 600w, https:\/\/co-matters.de\/wp-content\/uploads\/2026\/04\/Portrait-Oda-v.-Dreising.jpg-220x220.jpeg 220w, https:\/\/co-matters.de\/wp-content\/uploads\/2026\/04\/Portrait-Oda-v.-Dreising.jpg-scaled-266x266.jpeg 266w\" data-sizes=\"(max-width: 460px) 100vw, 460px\" \/><\/span>                    <\/a>\n\t\t\t\t            <\/div>\n\n\t\t\t        <\/div>\n\n    <\/div>\n    <div class=\"col-md-3 col-sm-6\">\n\n        <div class=\"member kachel-team layout-titles-inside wow fadeInLab\"\n             data-wow-duration=\"1s\">\n            <div class=\"thumb\">\n\t\t\t\t                    <div class=\"hover-state padding\" data-href=\"https:\/\/co-matters.de\/team\/you\/\" data-target=\"\">\n\t\t\t\t\t\t\n\t\t\t\t\t\t\t\t\t\t\t\t\t    <div class=\"member-details\">\n        <h2>\n\t\t\t                <a href=\"https:\/\/co-matters.de\/en\/team\/you\/\" target=\"\" title=\"\">YOU?<\/a>\n\t\t\t        <\/h2>\n\t\t    <\/div>\n\t\t\t\t\t\t                    <\/div>\n\t\t\t\t\n\t\t\t\t                    <a href=\"https:\/\/co-matters.de\/en\/team\/you\/\" target=\"\" title=\"\">\n\t\t\t\t\t\t<span class=\"image-placeholder\" style=\"padding-bottom:100.00000000%\"><img width=\"430\" height=\"430\" class=\"attachment-460x460 size-460x460 img-5997 lazyload\" alt=\"\" data-src=\"https:\/\/co-matters.de\/wp-content\/uploads\/2021\/05\/you.png\" data-srcset=\"https:\/\/co-matters.de\/wp-content\/uploads\/2021\/05\/you.png 430w, https:\/\/co-matters.de\/wp-content\/uploads\/2021\/05\/you-300x300.png 300w, https:\/\/co-matters.de\/wp-content\/uploads\/2021\/05\/you-150x150.png 150w, https:\/\/co-matters.de\/wp-content\/uploads\/2021\/05\/you-120x120.png 120w, https:\/\/co-matters.de\/wp-content\/uploads\/2021\/05\/you-220x220.png 220w\" data-sizes=\"(max-width: 430px) 100vw, 430px\" \/><\/span>                    <\/a>\n\t\t\t\t            <\/div>\n\n\t\t\t        <\/div>\n\n    <\/div>\n\t\t<\/div>\n\t<\/div>\n<\/div>\n<style>\n#team-members-306447 .member-empty-spacing {\n\tpadding-top: 100%;\n}\n<\/style>\n<\/div><\/div><\/div><\/div><\/div><div class=\"vc-row-container container\"><div class=\"vc_row wpb_row vc_row-fluid vc_custom_1747147035329\"><div class=\"wpb_column vc_column_container vc_col-sm-12\"><div class=\"vc_column-inner\"><div class=\"wpb_wrapper\"><\/div><\/div><\/div><\/div><\/div>","protected":false},"excerpt":{"rendered":"Veronika Schaller Psychologin, Coach &amp; Consultant Selbstf\u00fchrung | Mentale Gesundheit Mit Feingef\u00fchl und Klarheit begleitet Veronika Fach- und F\u00fchrungskr\u00e4fte dabei, in anspruchsvollen Arbeitsumfeldern gesund leistungsf\u00e4hig zu bleiben. Ihr Fokus: die Balance zwischen beruflicher Wirksamkeit und gesunder Selbstf\u00fchrung - ein wesentlicher Erfolgsfaktor im dynamischen Arbeitsalltag. Als Psychologin, systemische Coach und Yogalehrerin&hellip;","protected":false},"author":7,"featured_media":0,"parent":6418,"menu_order":0,"comment_status":"closed","ping_status":"closed","template":"","meta":{"_acf_changed":false,"footnotes":""},"class_list":["post-6303","page","type-page","status-publish","hentry"],"acf":[],"yoast_head":"<!-- This site is optimized with the Yoast SEO plugin v27.5 - https:\/\/yoast.com\/product\/yoast-seo-wordpress\/ -->\n<title>Veronika Schaller<\/title>\n<meta name=\"description\" content=\"Wir gestalten Entwicklung die bewegt.\" \/>\n<meta name=\"robots\" content=\"index, follow, max-snippet:-1, max-image-preview:large, max-video-preview:-1\" \/>\n<link rel=\"canonical\" href=\"https:\/\/co-matters.de\/en\/ueber-uns\/veronika-schaller\/\" \/>\n<meta property=\"og:locale\" content=\"en_US\" \/>\n<meta property=\"og:type\" content=\"article\" \/>\n<meta property=\"og:title\" content=\"Veronika Schaller\" \/>\n<meta property=\"og:description\" content=\"Wir gestalten Entwicklung die bewegt.\" \/>\n<meta property=\"og:url\" content=\"https:\/\/co-matters.de\/en\/ueber-uns\/veronika-schaller\/\" \/>\n<meta property=\"og:site_name\" content=\"Co-Matters\" \/>\n<meta property=\"article:modified_time\" content=\"2026-04-22T08:23:56+00:00\" \/>\n<meta name=\"twitter:card\" content=\"summary_large_image\" \/>\n<meta name=\"twitter:label1\" content=\"Est. reading time\" \/>\n\t<meta name=\"twitter:data1\" content=\"3 minutes\" \/>\n<script type=\"application\/ld+json\" class=\"yoast-schema-graph\">{\"@context\":\"https:\\\/\\\/schema.org\",\"@graph\":[{\"@type\":\"WebPage\",\"@id\":\"https:\\\/\\\/co-matters.de\\\/ueber-uns\\\/veronika-schaller\\\/\",\"url\":\"https:\\\/\\\/co-matters.de\\\/ueber-uns\\\/veronika-schaller\\\/\",\"name\":\"Veronika Schaller\",\"isPartOf\":{\"@id\":\"https:\\\/\\\/co-matters.de\\\/en\\\/#website\"},\"datePublished\":\"2025-05-13T14:03:37+00:00\",\"dateModified\":\"2026-04-22T08:23:56+00:00\",\"description\":\"Wir gestalten Entwicklung die bewegt.\",\"breadcrumb\":{\"@id\":\"https:\\\/\\\/co-matters.de\\\/ueber-uns\\\/veronika-schaller\\\/#breadcrumb\"},\"inLanguage\":\"en-US\",\"potentialAction\":[{\"@type\":\"ReadAction\",\"target\":[\"https:\\\/\\\/co-matters.de\\\/ueber-uns\\\/veronika-schaller\\\/\"]}]},{\"@type\":\"BreadcrumbList\",\"@id\":\"https:\\\/\\\/co-matters.de\\\/ueber-uns\\\/veronika-schaller\\\/#breadcrumb\",\"itemListElement\":[{\"@type\":\"ListItem\",\"position\":1,\"name\":\"Startseite\",\"item\":\"https:\\\/\\\/co-matters.de\\\/\"},{\"@type\":\"ListItem\",\"position\":2,\"name\":\"\u00dcber uns\",\"item\":\"https:\\\/\\\/co-matters.de\\\/ueber-uns\\\/\"},{\"@type\":\"ListItem\",\"position\":3,\"name\":\"Veronika Schaller\"}]},{\"@type\":\"WebSite\",\"@id\":\"https:\\\/\\\/co-matters.de\\\/en\\\/#website\",\"url\":\"https:\\\/\\\/co-matters.de\\\/en\\\/\",\"name\":\"Co-Matters\",\"description\":\"Beratung, Impulse, Entwicklung\",\"potentialAction\":[{\"@type\":\"SearchAction\",\"target\":{\"@type\":\"EntryPoint\",\"urlTemplate\":\"https:\\\/\\\/co-matters.de\\\/en\\\/?s={search_term_string}\"},\"query-input\":{\"@type\":\"PropertyValueSpecification\",\"valueRequired\":true,\"valueName\":\"search_term_string\"}}],\"inLanguage\":\"en-US\"}]}<\/script>\n<!-- \/ Yoast SEO plugin. -->","yoast_head_json":{"title":"Veronika Schaller","description":"Wir gestalten Entwicklung die bewegt.","robots":{"index":"index","follow":"follow","max-snippet":"max-snippet:-1","max-image-preview":"max-image-preview:large","max-video-preview":"max-video-preview:-1"},"canonical":"https:\/\/co-matters.de\/en\/ueber-uns\/veronika-schaller\/","og_locale":"en_US","og_type":"article","og_title":"Veronika Schaller","og_description":"Wir gestalten Entwicklung die bewegt.","og_url":"https:\/\/co-matters.de\/en\/ueber-uns\/veronika-schaller\/","og_site_name":"Co-Matters","article_modified_time":"2026-04-22T08:23:56+00:00","twitter_card":"summary_large_image","twitter_misc":{"Est. reading time":"3 minutes"},"schema":{"@context":"https:\/\/schema.org","@graph":[{"@type":"WebPage","@id":"https:\/\/co-matters.de\/ueber-uns\/veronika-schaller\/","url":"https:\/\/co-matters.de\/ueber-uns\/veronika-schaller\/","name":"Veronika Schaller","isPartOf":{"@id":"https:\/\/co-matters.de\/en\/#website"},"datePublished":"2025-05-13T14:03:37+00:00","dateModified":"2026-04-22T08:23:56+00:00","description":"Wir gestalten Entwicklung die bewegt.","breadcrumb":{"@id":"https:\/\/co-matters.de\/ueber-uns\/veronika-schaller\/#breadcrumb"},"inLanguage":"en-US","potentialAction":[{"@type":"ReadAction","target":["https:\/\/co-matters.de\/ueber-uns\/veronika-schaller\/"]}]},{"@type":"BreadcrumbList","@id":"https:\/\/co-matters.de\/ueber-uns\/veronika-schaller\/#breadcrumb","itemListElement":[{"@type":"ListItem","position":1,"name":"Startseite","item":"https:\/\/co-matters.de\/"},{"@type":"ListItem","position":2,"name":"\u00dcber uns","item":"https:\/\/co-matters.de\/ueber-uns\/"},{"@type":"ListItem","position":3,"name":"Veronika Schaller"}]},{"@type":"WebSite","@id":"https:\/\/co-matters.de\/en\/#website","url":"https:\/\/co-matters.de\/en\/","name":"Co-Matters","description":"Beratung, Impulse, Entwicklung","potentialAction":[{"@type":"SearchAction","target":{"@type":"EntryPoint","urlTemplate":"https:\/\/co-matters.de\/en\/?s={search_term_string}"},"query-input":{"@type":"PropertyValueSpecification","valueRequired":true,"valueName":"search_term_string"}}],"inLanguage":"en-US"}]}},"_links":{"self":[{"href":"https:\/\/co-matters.de\/en\/wp-json\/wp\/v2\/pages\/6303","targetHints":{"allow":["GET"]}}],"collection":[{"href":"https:\/\/co-matters.de\/en\/wp-json\/wp\/v2\/pages"}],"about":[{"href":"https:\/\/co-matters.de\/en\/wp-json\/wp\/v2\/types\/page"}],"author":[{"embeddable":true,"href":"https:\/\/co-matters.de\/en\/wp-json\/wp\/v2\/users\/7"}],"replies":[{"embeddable":true,"href":"https:\/\/co-matters.de\/en\/wp-json\/wp\/v2\/comments?post=6303"}],"version-history":[{"count":9,"href":"https:\/\/co-matters.de\/en\/wp-json\/wp\/v2\/pages\/6303\/revisions"}],"predecessor-version":[{"id":6579,"href":"https:\/\/co-matters.de\/en\/wp-json\/wp\/v2\/pages\/6303\/revisions\/6579"}],"up":[{"embeddable":true,"href":"https:\/\/co-matters.de\/en\/wp-json\/wp\/v2\/pages\/6418"}],"wp:attachment":[{"href":"https:\/\/co-matters.de\/en\/wp-json\/wp\/v2\/media?parent=6303"}],"curies":[{"name":"wp","href":"https:\/\/api.w.org\/{rel}","templated":true}]}}